{"id":156,"date":"2023-09-19T21:39:12","date_gmt":"2023-09-19T19:39:12","guid":{"rendered":"https:\/\/tutoratsante.univ-reims.fr\/?page_id=156"},"modified":"2023-09-24T14:27:02","modified_gmt":"2023-09-24T12:27:02","slug":"qui-sommes-nous","status":"publish","type":"page","link":"https:\/\/tutoratsante.univ-reims.fr\/?page_id=156","title":{"rendered":"Qui sommes-nous?"},"content":{"rendered":"<p>[et_pb_section fb_built=\u00a0\u00bb1&Prime; admin_label=\u00a0\u00bbsection\u00a0\u00bb _builder_version=\u00a0\u00bb4.22.0&Prime; _module_preset=\u00a0\u00bbdefault\u00a0\u00bb background_enable_mask_style=\u00a0\u00bbon\u00a0\u00bb background_mask_style=\u00a0\u00bbrock-stack\u00a0\u00bb background_mask_color=\u00a0\u00bb#a8eff4&Prime; global_colors_info=\u00a0\u00bb{}\u00a0\u00bb][et_pb_row column_structure=\u00a0\u00bb1_2,1_2&Prime; admin_label=\u00a0\u00bbrow\u00a0\u00bb _builder_version=\u00a0\u00bb4.22.0&Prime; _module_preset=\u00a0\u00bbdefault\u00a0\u00bb background_size=\u00a0\u00bbinitial\u00a0\u00bb background_position=\u00a0\u00bbtop_left\u00a0\u00bb background_repeat=\u00a0\u00bbrepeat\u00a0\u00bb global_colors_info=\u00a0\u00bb{}\u00a0\u00bb][et_pb_column type=\u00a0\u00bb1_2&Prime; _builder_version=\u00a0\u00bb4.16&Prime; _module_preset=\u00a0\u00bbdefault\u00a0\u00bb custom_padding=\u00a0\u00bb|||\u00a0\u00bb global_colors_info=\u00a0\u00bb{}\u00a0\u00bb custom_padding__hover=\u00a0\u00bb|||\u00a0\u00bb][et_pb_text _builder_version=\u00a0\u00bb4.22.0&Prime; _module_preset=\u00a0\u00bbdefault\u00a0\u00bb global_colors_info=\u00a0\u00bb{}\u00a0\u00bb]<\/p>\n<h1><strong>Qui sommes-nous ?<\/strong><\/h1>\n<p>Le Tutorat Sant\u00e9 de Reims, cr\u00e9\u00e9 en 2006, est une <strong>association<\/strong> \u00e9tudiante destin\u00e9e \u00e0 pr\u00e9parer les \u00e9tudiants au concours de premi\u00e8re ann\u00e9e d\u2019\u00e9tudes de sant\u00e9.<\/p>\n<p>Cr\u00e9\u00e9 par les \u00e9tudiants au sein de la Facult\u00e9 de M\u00e9decine et de Pharmacie de Reims et\u00a0<strong>avec le soutien des professeurs,<\/strong> <strong>il est l\u2019unique service reconnu et financ\u00e9 par l\u2019Universit\u00e9.<\/strong><\/p>\n<p>Notre but est d\u2019aider les LAS \u00e0 pr\u00e9parer le concours ainsi que les guider dans le choix d&rsquo;orientation.<\/p>\n<p>[\/et_pb_text][\/et_pb_column][et_pb_column type=\u00a0\u00bb1_2&Prime; _builder_version=\u00a0\u00bb4.16&Prime; _module_preset=\u00a0\u00bbdefault\u00a0\u00bb custom_padding=\u00a0\u00bb|||\u00a0\u00bb global_colors_info=\u00a0\u00bb{}\u00a0\u00bb custom_padding__hover=\u00a0\u00bb|||\u00a0\u00bb][dsm_lottie lottie_url=\u00a0\u00bbhttps:\/\/tutoratsante.univ-reims.fr\/wp-content\/uploads\/2023\/09\/animation_lmn7lkn0.json\u00a0\u00bb _builder_version=\u00a0\u00bb4.21.0&Prime; _module_preset=\u00a0\u00bbdefault\u00a0\u00bb global_colors_info=\u00a0\u00bb{}\u00a0\u00bb][\/dsm_lottie][\/et_pb_column][\/et_pb_row][et_pb_row _builder_version=\u00a0\u00bb4.22.0&Prime; _module_preset=\u00a0\u00bbdefault\u00a0\u00bb global_colors_info=\u00a0\u00bb{}\u00a0\u00bb][et_pb_column type=\u00a0\u00bb4_4&Prime; _builder_version=\u00a0\u00bb4.22.0&Prime; _module_preset=\u00a0\u00bbdefault\u00a0\u00bb global_colors_info=\u00a0\u00bb{}\u00a0\u00bb][et_pb_text _builder_version=\u00a0\u00bb4.22.0&Prime; _module_preset=\u00a0\u00bbdefault\u00a0\u00bb global_colors_info=\u00a0\u00bb{}\u00a0\u00bb]<\/p>\n<h1 style=\"text-align: center;\"><strong>Notre \u00e9quipe<\/strong><span><\/span><\/h1>\n<p style=\"text-align: justify;\"><span>L\u2019\u00e9quipe du Tutorat est compos\u00e9e <\/span><b>d\u2019\u00e9tudiants de 2\u00e8me et 3\u00e8me ann\u00e9e<\/b><span> de la facult\u00e9, provenants des 5 fili\u00e8res de sant\u00e9. <\/span><span>Ils sont s\u00e9lectionn\u00e9s <\/span><b>en fonction de leurs r\u00e9sultats<\/b><span> au concours et <\/span><b>de leur motivation <\/b><span>pour assurer une prise en charge la plus optimale qui soit.<\/span><\/p>\n<p>[\/et_pb_text][\/et_pb_column][\/et_pb_row][et_pb_row column_structure=\u00a0\u00bb1_4,1_4,1_4,1_4&Prime; _builder_version=\u00a0\u00bb4.22.0&Prime; _module_preset=\u00a0\u00bbdefault\u00a0\u00bb custom_padding=\u00a0\u00bb||0px|||\u00a0\u00bb global_colors_info=\u00a0\u00bb{}\u00a0\u00bb][et_pb_column type=\u00a0\u00bb1_4&Prime; _builder_version=\u00a0\u00bb4.22.0&Prime; _module_preset=\u00a0\u00bbdefault\u00a0\u00bb global_colors_info=\u00a0\u00bb{}\u00a0\u00bb][et_pb_text _builder_version=\u00a0\u00bb4.22.0&Prime; _module_preset=\u00a0\u00bbdefault\u00a0\u00bb global_colors_info=\u00a0\u00bb{}\u00a0\u00bb]<\/p>\n<div class=\"et_pb_module et_pb_text et_pb_text_3  et_pb_text_align_left et_pb_bg_layout_light\">\n<div class=\"et_pb_text_inner\">\n<h1 style=\"text-align: center;\">Le Pr\u00e9sident<\/h1>\n<\/div>\n<\/div>\n<div class=\"et_pb_module et_pb_blurb et_pb_blurb_0  et_pb_text_align_justified  et_pb_blurb_position_top et_pb_bg_layout_light\">\n<div class=\"et_pb_blurb_content\">\n<div class=\"et_pb_blurb_container\">\n<div class=\"et_pb_blurb_description\" style=\"text-align: justify;\">Il supervise l&rsquo;ensemble des \u00e9quipes et s\u2019occupe de la gestion administrative (r\u00e9servation des amphith\u00e9\u00e2tres, discussion avec l\u2019\u00e9quipe de responsables de la premi\u00e8re ann\u00e9e, repr\u00e9sentation du tutorat).<\/div>\n<\/div>\n<\/div>\n<\/div>\n<p>[\/et_pb_text][\/et_pb_column][et_pb_column type=\u00a0\u00bb1_4&Prime; _builder_version=\u00a0\u00bb4.22.0&Prime; _module_preset=\u00a0\u00bbdefault\u00a0\u00bb global_colors_info=\u00a0\u00bb{}\u00a0\u00bb][et_pb_text _builder_version=\u00a0\u00bb4.22.0&Prime; _module_preset=\u00a0\u00bbdefault\u00a0\u00bb global_colors_info=\u00a0\u00bb{}\u00a0\u00bb]<\/p>\n<h1 style=\"text-align: center;\">Le Tr\u00e9sorier<\/h1>\n<p>&nbsp;<\/p>\n<p style=\"text-align: justify;\">La Tr\u00e9sorier s&rsquo;occupe de l&rsquo;aspect financier du Tutorat. Il garde un oeil attentif sur les demandes de subventions, les inscriptions des \u00e9tudiants ainsi que le financement des diff\u00e9rents projets.<\/p>\n<p>[\/et_pb_text][\/et_pb_column][et_pb_column type=\u00a0\u00bb1_4&Prime; _builder_version=\u00a0\u00bb4.22.0&Prime; _module_preset=\u00a0\u00bbdefault\u00a0\u00bb global_colors_info=\u00a0\u00bb{}\u00a0\u00bb][et_pb_text _builder_version=\u00a0\u00bb4.22.0&Prime; _module_preset=\u00a0\u00bbdefault\u00a0\u00bb global_colors_info=\u00a0\u00bb{}\u00a0\u00bb]<\/p>\n<h1 style=\"text-align: center;\">Les VP OR\u00c9O<\/h1>\n<p>&nbsp;<\/p>\n<p style=\"text-align: justify;\">Ils supervisent l&rsquo;orientation et la r\u00e9orientation des \u00e9tudiants vers ou depuis les \u00e9tudes de sant\u00e9s.<\/p>\n<p style=\"text-align: justify;\">Ils supervisent \u00e9galement la repr\u00e9sentation du Tutorat sur les salons \u00e9tudiants ou dans les lyc\u00e9es.<\/p>\n<p>[\/et_pb_text][\/et_pb_column][et_pb_column type=\u00a0\u00bb1_4&Prime; _builder_version=\u00a0\u00bb4.22.0&Prime; _module_preset=\u00a0\u00bbdefault\u00a0\u00bb global_colors_info=\u00a0\u00bb{}\u00a0\u00bb][et_pb_text _builder_version=\u00a0\u00bb4.22.0&Prime; _module_preset=\u00a0\u00bbdefault\u00a0\u00bb global_colors_info=\u00a0\u00bb{}\u00a0\u00bb]<\/p>\n<h1 style=\"text-align: center;\">Le VP Bien-\u00catre<\/h1>\n<p>&nbsp;<\/p>\n<p style=\"text-align: justify;\">Il s&rsquo;occupe du bien-\u00eatre des \u00e9tudiants en premi\u00e8re ann\u00e9e des \u00e9tudes de Sant\u00e9 en s&rsquo;occupant du syst\u00e8me de parrainage, du compte Instagram.<\/p>\n<p>[\/et_pb_text][\/et_pb_column][\/et_pb_row][et_pb_row column_structure=\u00a0\u00bb1_3,1_3,1_3&Prime; _builder_version=\u00a0\u00bb4.22.0&Prime; _module_preset=\u00a0\u00bbdefault\u00a0\u00bb global_colors_info=\u00a0\u00bb{}\u00a0\u00bb][et_pb_column type=\u00a0\u00bb1_3&Prime; _builder_version=\u00a0\u00bb4.22.0&Prime; _module_preset=\u00a0\u00bbdefault\u00a0\u00bb global_colors_info=\u00a0\u00bb{}\u00a0\u00bb][et_pb_text _builder_version=\u00a0\u00bb4.22.0&Prime; _module_preset=\u00a0\u00bbdefault\u00a0\u00bb global_colors_info=\u00a0\u00bb{}\u00a0\u00bb]<\/p>\n<h1 style=\"text-align: center;\">Les VP P\u00e9dagogie<\/h1>\n<h1 style=\"text-align: center;\"><\/h1>\n<p style=\"text-align: justify;\">\n<p>[\/et_pb_text][et_pb_text _builder_version=\u00a0\u00bb4.21.0&Prime; _module_preset=\u00a0\u00bbdefault\u00a0\u00bb global_colors_info=\u00a0\u00bb{}\u00a0\u00bb]<\/p>\n<p style=\"text-align: justify;\">Ils s&rsquo;occupent de l&rsquo;organisation p\u00e9dagogique du Tutorat. Ce sont eux qui supervisent l&rsquo;organisation des colles, des SDR et des concours blancs. Mais ils ont \u00e9galement un r\u00f4le important \u00e0 jouer dans la pr\u00e9paration \u00e0 l&rsquo;oral terminal et la pr\u00e9-rentr\u00e9e.<\/p>\n<p>[\/et_pb_text][\/et_pb_column][et_pb_column type=\u00a0\u00bb1_3&Prime; _builder_version=\u00a0\u00bb4.22.0&Prime; _module_preset=\u00a0\u00bbdefault\u00a0\u00bb global_colors_info=\u00a0\u00bb{}\u00a0\u00bb][et_pb_text _builder_version=\u00a0\u00bb4.22.0&Prime; _module_preset=\u00a0\u00bbdefault\u00a0\u00bb custom_padding=\u00a0\u00bb|||0px||\u00a0\u00bb global_colors_info=\u00a0\u00bb{}\u00a0\u00bb]<\/p>\n<div class=\"et_pb_module et_pb_text et_pb_text_4  et_pb_text_align_left et_pb_bg_layout_light\">\n<div class=\"et_pb_text_inner\">\n<h1 style=\"text-align: center;\">Les VP Communication<\/h1>\n<h1><\/h1>\n<p>&nbsp;<\/p>\n<div class=\"et_pb_module et_pb_blurb et_pb_blurb_0  et_pb_text_align_justified  et_pb_blurb_position_top et_pb_bg_layout_light\">\n<div class=\"et_pb_blurb_content\">\n<div class=\"et_pb_blurb_container\">\n<div class=\"et_pb_blurb_description\" style=\"text-align: center;\">\n<p style=\"text-align: justify;\">Ils supervisent la communication du Tutorat sur les r\u00e9seaux sociaux tels que Facebook, Instagram ou encore TikTok et Youtube.<\/p>\n<p style=\"text-align: justify;\">Les semaines pr\u00e9c\u00e9dant les examens, ils postent des petits QCM sur Instagram afin d&rsquo;aider les \u00e9tudiants dans leurs r\u00e9visions.<\/p>\n<p>&nbsp;<\/p>\n<\/div>\n<\/div>\n<\/div>\n<\/div>\n<\/div>\n<\/div>\n<p>[\/et_pb_text][\/et_pb_column][et_pb_column type=\u00a0\u00bb1_3&Prime; _builder_version=\u00a0\u00bb4.22.0&Prime; _module_preset=\u00a0\u00bbdefault\u00a0\u00bb global_colors_info=\u00a0\u00bb{}\u00a0\u00bb][et_pb_text _builder_version=\u00a0\u00bb4.22.0&Prime; _module_preset=\u00a0\u00bbdefault\u00a0\u00bb global_colors_info=\u00a0\u00bb{}\u00a0\u00bb]<\/p>\n<h1 style=\"text-align: center;\">Les Tuteurs<\/h1>\n<p>&nbsp;<\/p>\n<p style=\"text-align: justify;\">\u00c9tudiants en ann\u00e9es sup\u00e9rieurs, les tuteurs sont les personnes qui, sous la supervision des membres du bureau, vont r\u00e9aliser les projets du Tutorat (r\u00e9daction des fiches de cours, tenu des stands, r\u00e9alisation des QCM).<\/p>\n<p style=\"text-align: justify;\">Pour l&rsquo;ann\u00e9e 2023-2024, les tuteurs sont au nombre de 72.<\/p>\n<p>[\/et_pb_text][\/et_pb_column][\/et_pb_row][et_pb_row _builder_version=\u00a0\u00bb4.22.0&Prime; _module_preset=\u00a0\u00bbdefault\u00a0\u00bb global_colors_info=\u00a0\u00bb{}\u00a0\u00bb][et_pb_column type=\u00a0\u00bb4_4&Prime; _builder_version=\u00a0\u00bb4.22.0&Prime; _module_preset=\u00a0\u00bbdefault\u00a0\u00bb global_colors_info=\u00a0\u00bb{}\u00a0\u00bb][et_pb_text _builder_version=\u00a0\u00bb4.22.0&Prime; _module_preset=\u00a0\u00bbdefault\u00a0\u00bb global_colors_info=\u00a0\u00bb{}\u00a0\u00bb]<\/p>\n<h1 style=\"text-align: center;\"><strong>Nous contacter<\/strong><\/h1>\n<p>[\/et_pb_text][\/et_pb_column][\/et_pb_row][et_pb_row column_structure=\u00a0\u00bb1_3,1_3,1_3&Prime; _builder_version=\u00a0\u00bb4.22.0&Prime; _module_preset=\u00a0\u00bbdefault\u00a0\u00bb global_colors_info=\u00a0\u00bb{}\u00a0\u00bb][et_pb_column type=\u00a0\u00bb1_3&Prime; _builder_version=\u00a0\u00bb4.22.0&Prime; _module_preset=\u00a0\u00bbdefault\u00a0\u00bb global_colors_info=\u00a0\u00bb{}\u00a0\u00bb][et_pb_text _builder_version=\u00a0\u00bb4.22.0&Prime; _module_preset=\u00a0\u00bbdefault\u00a0\u00bb global_colors_info=\u00a0\u00bb{}\u00a0\u00bb]<\/p>\n<div class=\"et_pb_module et_pb_text et_pb_text_8  et_pb_text_align_left et_pb_bg_layout_light\">\n<div class=\"et_pb_text_inner\">\n<h1 style=\"text-align: center;\">Notre \u00e9quipe de communication<\/h1>\n<\/div>\n<\/div>\n<div class=\"et_pb_module et_pb_blurb et_pb_blurb_4  et_pb_text_align_justified  et_pb_blurb_position_top et_pb_bg_layout_light\">\n<div class=\"et_pb_blurb_content\">\n<div class=\"et_pb_blurb_container\">\n<div class=\"et_pb_blurb_description\" style=\"text-align: center;\">\n<p>Si vous avez des questions sur le Tutorat Sant\u00e9 de Reims ou sur les \u00e9tudes de sant\u00e9, vous pouvez nous contacter \u00e0 l\u2019adresse :<\/p>\n<\/div>\n<\/div>\n<\/div>\n<\/div>\n<p>[\/et_pb_text][et_pb_text _builder_version=\u00a0\u00bb4.21.0&Prime; _module_preset=\u00a0\u00bbdefault\u00a0\u00bb transform_translate=\u00a0\u00bb0px|13px\u00a0\u00bb transform_translate_linked=\u00a0\u00bboff\u00a0\u00bb global_colors_info=\u00a0\u00bb{}\u00a0\u00bb]<\/p>\n<p><strong><a href=\"mailto:communication@tutorat-sante-reims.fr\">communication@tutorat-sante-reims.fr<\/a>\u00a0<\/strong><\/p>\n<p>[\/et_pb_text][\/et_pb_column][et_pb_column type=\u00a0\u00bb1_3&Prime; _builder_version=\u00a0\u00bb4.22.0&Prime; _module_preset=\u00a0\u00bbdefault\u00a0\u00bb global_colors_info=\u00a0\u00bb{}\u00a0\u00bb][et_pb_text _builder_version=\u00a0\u00bb4.21.0&Prime; _module_preset=\u00a0\u00bbdefault\u00a0\u00bb hover_enabled=\u00a0\u00bb0&Prime; global_colors_info=\u00a0\u00bb{}\u00a0\u00bb sticky_enabled=\u00a0\u00bb0&Prime;]<\/p>\n<div class=\"et_pb_module et_pb_text et_pb_text_9  et_pb_text_align_left et_pb_bg_layout_light\">\n<div class=\"et_pb_text_inner\">\n<h1 style=\"text-align: center;\">Le Pr\u00e9sident<\/h1>\n<p><span style=\"text-align: center;\"><\/span><\/p>\n<p><span style=\"text-align: center;\"><\/span><\/p>\n<p><span style=\"text-align: center;\"><\/span><\/p>\n<p><span style=\"text-align: center;\"><\/span><\/p>\n<p style=\"text-align: center;\"><span style=\"text-align: center;\">Si vous souhaitez contacter directement le pr\u00e9sident, vous pouvez le faire \u00e0 l\u2019adresse :<\/span><\/p>\n<\/div>\n<\/div>\n<div class=\"et_pb_module et_pb_blurb et_pb_blurb_5  et_pb_text_align_justified  et_pb_blurb_position_top et_pb_bg_layout_light\">\n<div class=\"et_pb_blurb_content\">\n<div class=\"et_pb_blurb_container\">\n<div class=\"et_pb_blurb_description\">\n<p style=\"text-align: center;\"><strong style=\"font-size: 14px;\"><\/strong><\/p>\n<\/div>\n<\/div>\n<\/div>\n<\/div>\n<p>[\/et_pb_text][et_pb_text _builder_version=\u00a0\u00bb4.22.0&Prime; _module_preset=\u00a0\u00bbdefault\u00a0\u00bb transform_translate=\u00a0\u00bb0px|6px\u00a0\u00bb transform_translate_linked=\u00a0\u00bboff\u00a0\u00bb global_colors_info=\u00a0\u00bb{}\u00a0\u00bb]<\/p>\n<p style=\"text-align: center;\"><strong style=\"font-size: 14px;\"><a href=\"mailto:presidence@tutorat-sante-reims.fr\">presidence@tutorat-sante-reims.fr<\/a>\u00a0<\/strong><\/p>\n<p>[\/et_pb_text][\/et_pb_column][et_pb_column type=\u00a0\u00bb1_3&Prime; _builder_version=\u00a0\u00bb4.22.0&Prime; _module_preset=\u00a0\u00bbdefault\u00a0\u00bb global_colors_info=\u00a0\u00bb{}\u00a0\u00bb][et_pb_text _builder_version=\u00a0\u00bb4.22.0&Prime; _module_preset=\u00a0\u00bbdefault\u00a0\u00bb global_colors_info=\u00a0\u00bb{}\u00a0\u00bb]<\/p>\n<div class=\"et_pb_module et_pb_text et_pb_text_10  et_pb_text_align_left et_pb_bg_layout_light\">\n<div class=\"et_pb_text_inner\">\n<h1 style=\"text-align: center;\">Le Discord<\/h1>\n<\/div>\n<\/div>\n<div class=\"et_pb_module et_pb_blurb et_pb_blurb_6  et_pb_text_align_justified  et_pb_blurb_position_top et_pb_bg_layout_light\">\n<div class=\"et_pb_blurb_content\">\n<div class=\"et_pb_blurb_container\">\n<div class=\"et_pb_blurb_description\">\n<p style=\"text-align: center;\">\n<p style=\"text-align: center;\">\n<p style=\"text-align: center;\">Un Discord est \u00e0 votre disposition avec des tuteurs pour r\u00e9pondre \u00e0 toutes vos questions :<\/p>\n<p style=\"text-align: center;\">\n<\/div>\n<\/div>\n<\/div>\n<\/div>\n<p>[\/et_pb_text][et_pb_text _builder_version=\u00a0\u00bb4.22.0&Prime; _module_preset=\u00a0\u00bbdefault\u00a0\u00bb transform_translate=\u00a0\u00bb0px|-7px\u00a0\u00bb transform_translate_linked=\u00a0\u00bboff\u00a0\u00bb global_colors_info=\u00a0\u00bb{}\u00a0\u00bb]<\/p>\n<p style=\"text-align: center;\"><strong><a href=\"https:\/\/discord.gg\/PA8cwAyMdg\">Nous rejoindre sur Discord<\/a><\/strong><\/p>\n<p>[\/et_pb_text][\/et_pb_column][\/et_pb_row][\/et_pb_section]<\/p>\n","protected":false},"excerpt":{"rendered":"<p>Qui sommes-nous ? Le Tutorat Sant\u00e9 de Reims, cr\u00e9\u00e9 en 2006, est une association \u00e9tudiante destin\u00e9e \u00e0 pr\u00e9parer les \u00e9tudiants au concours de premi\u00e8re ann\u00e9e d\u2019\u00e9tudes de sant\u00e9. Cr\u00e9\u00e9 par les \u00e9tudiants au sein de la Facult\u00e9 de M\u00e9decine et de Pharmacie de Reims et\u00a0avec le soutien des professeurs, il est l\u2019unique service reconnu et [&hellip;]<\/p>\n","protected":false},"author":1,"featured_media":0,"parent":0,"menu_order":0,"comment_status":"closed","ping_status":"closed","template":"","meta":{"_et_pb_use_builder":"on","_et_pb_old_content":"","_et_gb_content_width":"","footnotes":""},"class_list":["post-156","page","type-page","status-publish","hentry"],"yoast_head":"<!-- This site is optimized with the Yoast SEO plugin v27.5 - https:\/\/yoast.com\/product\/yoast-seo-wordpress\/ -->\n<title>Qui sommes-nous? - Tutorat Sant\u00e9 Reims<\/title>\n<meta name=\"robots\" content=\"index, follow, max-snippet:-1, max-image-preview:large, max-video-preview:-1\" \/>\n<link rel=\"canonical\" href=\"https:\/\/tutoratsante.univ-reims.fr\/?page_id=156\" \/>\n<meta property=\"og:locale\" content=\"fr_FR\" \/>\n<meta property=\"og:type\" content=\"article\" \/>\n<meta property=\"og:title\" content=\"Qui sommes-nous? - Tutorat Sant\u00e9 Reims\" \/>\n<meta property=\"og:description\" content=\"Qui sommes-nous ? Le Tutorat Sant\u00e9 de Reims, cr\u00e9\u00e9 en 2006, est une association \u00e9tudiante destin\u00e9e \u00e0 pr\u00e9parer les \u00e9tudiants au concours de premi\u00e8re ann\u00e9e d\u2019\u00e9tudes de sant\u00e9. Cr\u00e9\u00e9 par les \u00e9tudiants au sein de la Facult\u00e9 de M\u00e9decine et de Pharmacie de Reims et\u00a0avec le soutien des professeurs, il est l\u2019unique service reconnu et [&hellip;]\" \/>\n<meta property=\"og:url\" content=\"https:\/\/tutoratsante.univ-reims.fr\/?page_id=156\" \/>\n<meta property=\"og:site_name\" content=\"Tutorat Sant\u00e9 Reims\" \/>\n<meta property=\"article:publisher\" content=\"https:\/\/www.facebook.com\/TutoratSanteReims\" \/>\n<meta property=\"article:modified_time\" content=\"2023-09-24T12:27:02+00:00\" \/>\n<meta name=\"twitter:card\" content=\"summary_large_image\" \/>\n<meta name=\"twitter:site\" content=\"@TutoSanteReims\" \/>\n<meta name=\"twitter:label1\" content=\"Dur\u00e9e de lecture estim\u00e9e\" \/>\n\t<meta name=\"twitter:data1\" content=\"6 minutes\" \/>\n<script type=\"application\/ld+json\" class=\"yoast-schema-graph\">{\"@context\":\"https:\\\/\\\/schema.org\",\"@graph\":[{\"@type\":\"WebPage\",\"@id\":\"https:\\\/\\\/tutoratsante.univ-reims.fr\\\/?page_id=156\",\"url\":\"https:\\\/\\\/tutoratsante.univ-reims.fr\\\/?page_id=156\",\"name\":\"Qui sommes-nous? - Tutorat Sant\u00e9 Reims\",\"isPartOf\":{\"@id\":\"https:\\\/\\\/tutoratsante.univ-reims.fr\\\/#website\"},\"datePublished\":\"2023-09-19T19:39:12+00:00\",\"dateModified\":\"2023-09-24T12:27:02+00:00\",\"breadcrumb\":{\"@id\":\"https:\\\/\\\/tutoratsante.univ-reims.fr\\\/?page_id=156#breadcrumb\"},\"inLanguage\":\"fr-FR\",\"potentialAction\":[{\"@type\":\"ReadAction\",\"target\":[\"https:\\\/\\\/tutoratsante.univ-reims.fr\\\/?page_id=156\"]}]},{\"@type\":\"BreadcrumbList\",\"@id\":\"https:\\\/\\\/tutoratsante.univ-reims.fr\\\/?page_id=156#breadcrumb\",\"itemListElement\":[{\"@type\":\"ListItem\",\"position\":1,\"name\":\"Accueil\",\"item\":\"https:\\\/\\\/tutoratsante.univ-reims.fr\\\/\"},{\"@type\":\"ListItem\",\"position\":2,\"name\":\"Qui sommes-nous?\"}]},{\"@type\":\"WebSite\",\"@id\":\"https:\\\/\\\/tutoratsante.univ-reims.fr\\\/#website\",\"url\":\"https:\\\/\\\/tutoratsante.univ-reims.fr\\\/\",\"name\":\"Tutorat Sant\u00e9 Reims\",\"description\":\"Par les \u00c9tudiants et pour les \u00c9tudiants\",\"publisher\":{\"@id\":\"https:\\\/\\\/tutoratsante.univ-reims.fr\\\/#organization\"},\"potentialAction\":[{\"@type\":\"SearchAction\",\"target\":{\"@type\":\"EntryPoint\",\"urlTemplate\":\"https:\\\/\\\/tutoratsante.univ-reims.fr\\\/?s={search_term_string}\"},\"query-input\":{\"@type\":\"PropertyValueSpecification\",\"valueRequired\":true,\"valueName\":\"search_term_string\"}}],\"inLanguage\":\"fr-FR\"},{\"@type\":\"Organization\",\"@id\":\"https:\\\/\\\/tutoratsante.univ-reims.fr\\\/#organization\",\"name\":\"defaultTSR\",\"url\":\"https:\\\/\\\/tutoratsante.univ-reims.fr\\\/\",\"logo\":{\"@type\":\"ImageObject\",\"inLanguage\":\"fr-FR\",\"@id\":\"https:\\\/\\\/tutoratsante.univ-reims.fr\\\/#\\\/schema\\\/logo\\\/image\\\/\",\"url\":\"https:\\\/\\\/tutoratsante.univ-reims.fr\\\/wp-content\\\/uploads\\\/2023\\\/09\\\/TSR-LOGO-e1695153851902.png\",\"contentUrl\":\"https:\\\/\\\/tutoratsante.univ-reims.fr\\\/wp-content\\\/uploads\\\/2023\\\/09\\\/TSR-LOGO-e1695153851902.png\",\"width\":500,\"height\":350,\"caption\":\"defaultTSR\"},\"image\":{\"@id\":\"https:\\\/\\\/tutoratsante.univ-reims.fr\\\/#\\\/schema\\\/logo\\\/image\\\/\"},\"sameAs\":[\"https:\\\/\\\/www.facebook.com\\\/TutoratSanteReims\",\"https:\\\/\\\/x.com\\\/TutoSanteReims\",\"https:\\\/\\\/www.instagram.com\\\/tutorat_sante_de_reims\\\/\",\"https:\\\/\\\/tutoratsante.univ-reims.fr\",\"https:\\\/\\\/www.youtube.com\\\/channel\\\/UCKmmluplq3qO2IyV76GisRg\"]}]}<\/script>\n<!-- \/ Yoast SEO plugin. -->","yoast_head_json":{"title":"Qui sommes-nous? - Tutorat Sant\u00e9 Reims","robots":{"index":"index","follow":"follow","max-snippet":"max-snippet:-1","max-image-preview":"max-image-preview:large","max-video-preview":"max-video-preview:-1"},"canonical":"https:\/\/tutoratsante.univ-reims.fr\/?page_id=156","og_locale":"fr_FR","og_type":"article","og_title":"Qui sommes-nous? - Tutorat Sant\u00e9 Reims","og_description":"Qui sommes-nous ? Le Tutorat Sant\u00e9 de Reims, cr\u00e9\u00e9 en 2006, est une association \u00e9tudiante destin\u00e9e \u00e0 pr\u00e9parer les \u00e9tudiants au concours de premi\u00e8re ann\u00e9e d\u2019\u00e9tudes de sant\u00e9. Cr\u00e9\u00e9 par les \u00e9tudiants au sein de la Facult\u00e9 de M\u00e9decine et de Pharmacie de Reims et\u00a0avec le soutien des professeurs, il est l\u2019unique service reconnu et [&hellip;]","og_url":"https:\/\/tutoratsante.univ-reims.fr\/?page_id=156","og_site_name":"Tutorat Sant\u00e9 Reims","article_publisher":"https:\/\/www.facebook.com\/TutoratSanteReims","article_modified_time":"2023-09-24T12:27:02+00:00","twitter_card":"summary_large_image","twitter_site":"@TutoSanteReims","twitter_misc":{"Dur\u00e9e de lecture estim\u00e9e":"6 minutes"},"schema":{"@context":"https:\/\/schema.org","@graph":[{"@type":"WebPage","@id":"https:\/\/tutoratsante.univ-reims.fr\/?page_id=156","url":"https:\/\/tutoratsante.univ-reims.fr\/?page_id=156","name":"Qui sommes-nous? - Tutorat Sant\u00e9 Reims","isPartOf":{"@id":"https:\/\/tutoratsante.univ-reims.fr\/#website"},"datePublished":"2023-09-19T19:39:12+00:00","dateModified":"2023-09-24T12:27:02+00:00","breadcrumb":{"@id":"https:\/\/tutoratsante.univ-reims.fr\/?page_id=156#breadcrumb"},"inLanguage":"fr-FR","potentialAction":[{"@type":"ReadAction","target":["https:\/\/tutoratsante.univ-reims.fr\/?page_id=156"]}]},{"@type":"BreadcrumbList","@id":"https:\/\/tutoratsante.univ-reims.fr\/?page_id=156#breadcrumb","itemListElement":[{"@type":"ListItem","position":1,"name":"Accueil","item":"https:\/\/tutoratsante.univ-reims.fr\/"},{"@type":"ListItem","position":2,"name":"Qui sommes-nous?"}]},{"@type":"WebSite","@id":"https:\/\/tutoratsante.univ-reims.fr\/#website","url":"https:\/\/tutoratsante.univ-reims.fr\/","name":"Tutorat Sant\u00e9 Reims","description":"Par les \u00c9tudiants et pour les \u00c9tudiants","publisher":{"@id":"https:\/\/tutoratsante.univ-reims.fr\/#organization"},"potentialAction":[{"@type":"SearchAction","target":{"@type":"EntryPoint","urlTemplate":"https:\/\/tutoratsante.univ-reims.fr\/?s={search_term_string}"},"query-input":{"@type":"PropertyValueSpecification","valueRequired":true,"valueName":"search_term_string"}}],"inLanguage":"fr-FR"},{"@type":"Organization","@id":"https:\/\/tutoratsante.univ-reims.fr\/#organization","name":"defaultTSR","url":"https:\/\/tutoratsante.univ-reims.fr\/","logo":{"@type":"ImageObject","inLanguage":"fr-FR","@id":"https:\/\/tutoratsante.univ-reims.fr\/#\/schema\/logo\/image\/","url":"https:\/\/tutoratsante.univ-reims.fr\/wp-content\/uploads\/2023\/09\/TSR-LOGO-e1695153851902.png","contentUrl":"https:\/\/tutoratsante.univ-reims.fr\/wp-content\/uploads\/2023\/09\/TSR-LOGO-e1695153851902.png","width":500,"height":350,"caption":"defaultTSR"},"image":{"@id":"https:\/\/tutoratsante.univ-reims.fr\/#\/schema\/logo\/image\/"},"sameAs":["https:\/\/www.facebook.com\/TutoratSanteReims","https:\/\/x.com\/TutoSanteReims","https:\/\/www.instagram.com\/tutorat_sante_de_reims\/","https:\/\/tutoratsante.univ-reims.fr","https:\/\/www.youtube.com\/channel\/UCKmmluplq3qO2IyV76GisRg"]}]}},"_links":{"self":[{"href":"https:\/\/tutoratsante.univ-reims.fr\/index.php?rest_route=\/wp\/v2\/pages\/156","targetHints":{"allow":["GET"]}}],"collection":[{"href":"https:\/\/tutoratsante.univ-reims.fr\/index.php?rest_route=\/wp\/v2\/pages"}],"about":[{"href":"https:\/\/tutoratsante.univ-reims.fr\/index.php?rest_route=\/wp\/v2\/types\/page"}],"author":[{"embeddable":true,"href":"https:\/\/tutoratsante.univ-reims.fr\/index.php?rest_route=\/wp\/v2\/users\/1"}],"replies":[{"embeddable":true,"href":"https:\/\/tutoratsante.univ-reims.fr\/index.php?rest_route=%2Fwp%2Fv2%2Fcomments&post=156"}],"version-history":[{"count":7,"href":"https:\/\/tutoratsante.univ-reims.fr\/index.php?rest_route=\/wp\/v2\/pages\/156\/revisions"}],"predecessor-version":[{"id":219,"href":"https:\/\/tutoratsante.univ-reims.fr\/index.php?rest_route=\/wp\/v2\/pages\/156\/revisions\/219"}],"wp:attachment":[{"href":"https:\/\/tutoratsante.univ-reims.fr\/index.php?rest_route=%2Fwp%2Fv2%2Fmedia&parent=156"}],"curies":[{"name":"wp","href":"https:\/\/api.w.org\/{rel}","templated":true}]}}